
{"id":17077,"date":"2019-11-07T14:58:13","date_gmt":"2019-11-07T20:58:13","guid":{"rendered":"http:\/\/www.farmtocafeteriacanada.ca\/?page_id=17077"},"modified":"2019-12-03T14:37:57","modified_gmt":"2019-12-03T20:37:57","slug":"mois-de-la-ferme-a-lecole-2019-gagnants-et-faits-saillants-de-la-campagne","status":"publish","type":"page","link":"https:\/\/www.farmtocafeteriacanada.ca\/fr\/demarrer\/mois-de-la-ferme-a-lecole-au-canada\/mois-de-la-ferme-a-lecole-2019-gagnants-et-faits-saillants-de-la-campagne\/","title":{"rendered":"Mois De la ferme \u00e0 l\u2019\u00e9cole 2019 : Gagnants et faits saillants de la campagne"},"content":{"rendered":"<h5 class=\"p1\"><span class=\"s1\"><img loading=\"lazy\" decoding=\"async\" class=\"alignleft wp-image-16350 \" src=\"http:\/\/www.farmtocafeteriacanada.ca\/wp-content\/uploads\/F2SM_logo2019_red_fr.jpg\" alt=\"Farm to Cafeteria Canada, Farm to School Canada, Farm to School\" width=\"273\" height=\"183\" \/><\/span><\/h5>\n<h5 class=\"p1\"><span class=\"s1\">Les c\u00e9l\u00e9brations du Mois De la ferme \u00e0 l\u2019\u00e9cole 2019 avaient pour but de mobiliser les jeunes et de les int\u00e9resser \u00e0 d\u00e9couvrir les actions qu\u2019ils peuvent entreprendre pour promouvoir la sant\u00e9 des gens et de la plan\u00e8te.<\/span><\/h5>\n<p class=\"p1\"><span class=\"s1\">Durant le mois d\u2019octobre, nous avons partag\u00e9 des ressources et des conseils pour adopter des pratiques saines et durables sur le plan de l\u2019alimentation et de l\u2019environnement en milieu scolaire, coll\u00e9gial et universitaire. Consultez la liste des <\/span><span class=\"s2\"><a href=\"https:\/\/www.farmtocafeteriacanada.ca\/fr\/demarrer\/mois-de-la-ferme-a-lecole-au-canada\/bon-pour-nous-et-notre-planete-liste-de-ressources\/\">ressources Bon pour nous et notre plan\u00e8te<\/a>,<\/span><span class=\"s1\"> car il demeure important de d\u00e9ployer des efforts en ce sens 12\u00a0mois, ou 365 jours, par ann\u00e9e!<\/span><\/p>\n<p>&nbsp;<\/p>\n<h4 style=\"text-align: center;\"><span style=\"color: #be1e2d;\"><em>Nous sommes heureux d\u2019annoncer les r\u00e9cipiendaires de nos subventions<br \/>\ndu Mois De la ferme \u00e0 l\u2019\u00e9cole Canada 2019!<br \/>\n<\/em><\/span><\/h4>\n","protected":false},"excerpt":{"rendered":"<p>Les c\u00e9l\u00e9brations du Mois De la ferme \u00e0 l\u2019\u00e9cole 2019 avaient pour but de mobiliser les jeunes et de les int\u00e9resser \u00e0 d\u00e9couvrir les actions qu\u2019ils peuvent entreprendre pour promouvoir la sant\u00e9 des gens et de la plan\u00e8te. Durant le mois d\u2019octobre, nous avons partag\u00e9 des ressources et des conseils pour adopter des pratiques saines [&hellip;]<\/p>\n","protected":false},"author":3,"featured_media":0,"parent":13786,"menu_order":0,"comment_status":"closed","ping_status":"closed","template":"","meta":{"_acf_changed":false,"_exactmetrics_skip_tracking":false,"_exactmetrics_sitenote_active":false,"_exactmetrics_sitenote_note":"","_exactmetrics_sitenote_category":0,"footnotes":""},"class_list":["post-17077","page","type-page","status-publish","hentry"],"acf":[],"yoast_head":"<!-- This site is optimized with the Yoast SEO plugin v26.7 - https:\/\/yoast.com\/wordpress\/plugins\/seo\/ -->\n<title>Mois De la ferme \u00e0 l\u2019\u00e9cole 2019 : Gagnants et faits saillants de la campagne - Farm to Cafeteria Canada<\/title>\n<meta name=\"robots\" content=\"index, follow, max-snippet:-1, max-image-preview:large, max-video-preview:-1\" \/>\n<link rel=\"canonical\" href=\"https:\/\/www.farmtocafeteriacanada.ca\/fr\/demarrer\/mois-de-la-ferme-a-lecole-au-canada\/mois-de-la-ferme-a-lecole-2019-gagnants-et-faits-saillants-de-la-campagne\/\" \/>\n<meta property=\"og:locale\" content=\"fr_FR\" \/>\n<meta property=\"og:type\" content=\"article\" \/>\n<meta property=\"og:title\" content=\"Mois De la ferme \u00e0 l\u2019\u00e9cole 2019 : Gagnants et faits saillants de la campagne - Farm to Cafeteria Canada\" \/>\n<meta property=\"og:description\" content=\"Les c\u00e9l\u00e9brations du Mois De la ferme \u00e0 l\u2019\u00e9cole 2019 avaient pour but de mobiliser les jeunes et de les int\u00e9resser \u00e0 d\u00e9couvrir les actions qu\u2019ils peuvent entreprendre pour promouvoir la sant\u00e9 des gens et de la plan\u00e8te. Durant le mois d\u2019octobre, nous avons partag\u00e9 des ressources et des conseils pour adopter des pratiques saines [&hellip;]\" \/>\n<meta property=\"og:url\" content=\"https:\/\/www.farmtocafeteriacanada.ca\/fr\/demarrer\/mois-de-la-ferme-a-lecole-au-canada\/mois-de-la-ferme-a-lecole-2019-gagnants-et-faits-saillants-de-la-campagne\/\" \/>\n<meta property=\"og:site_name\" content=\"Farm to Cafeteria Canada\" \/>\n<meta property=\"article:publisher\" content=\"https:\/\/www.facebook.com\/groups\/FarmtocafeteriaCanada\/\" \/>\n<meta property=\"article:modified_time\" content=\"2019-12-03T20:37:57+00:00\" \/>\n<meta property=\"og:image\" content=\"http:\/\/www.farmtocafeteriacanada.ca\/wp-content\/uploads\/F2SM_logo2019_red_fr.jpg\" \/>\n<meta name=\"twitter:card\" content=\"summary_large_image\" \/>\n<meta name=\"twitter:site\" content=\"@Farm2Cafeteria\" \/>\n<meta name=\"twitter:label1\" content=\"Dur\u00e9e de lecture estim\u00e9e\" \/>\n\t<meta name=\"twitter:data1\" content=\"1 minute\" \/>\n<script type=\"application\/ld+json\" class=\"yoast-schema-graph\">{\"@context\":\"https:\/\/schema.org\",\"@graph\":[{\"@type\":\"WebPage\",\"@id\":\"https:\/\/www.farmtocafeteriacanada.ca\/fr\/demarrer\/mois-de-la-ferme-a-lecole-au-canada\/mois-de-la-ferme-a-lecole-2019-gagnants-et-faits-saillants-de-la-campagne\/\",\"url\":\"https:\/\/www.farmtocafeteriacanada.ca\/fr\/demarrer\/mois-de-la-ferme-a-lecole-au-canada\/mois-de-la-ferme-a-lecole-2019-gagnants-et-faits-saillants-de-la-campagne\/\",\"name\":\"Mois De la ferme \u00e0 l\u2019\u00e9cole 2019 : Gagnants et faits saillants de la campagne - Farm to Cafeteria Canada\",\"isPartOf\":{\"@id\":\"https:\/\/www.farmtocafeteriacanada.ca\/#website\"},\"primaryImageOfPage\":{\"@id\":\"https:\/\/www.farmtocafeteriacanada.ca\/fr\/demarrer\/mois-de-la-ferme-a-lecole-au-canada\/mois-de-la-ferme-a-lecole-2019-gagnants-et-faits-saillants-de-la-campagne\/#primaryimage\"},\"image\":{\"@id\":\"https:\/\/www.farmtocafeteriacanada.ca\/fr\/demarrer\/mois-de-la-ferme-a-lecole-au-canada\/mois-de-la-ferme-a-lecole-2019-gagnants-et-faits-saillants-de-la-campagne\/#primaryimage\"},\"thumbnailUrl\":\"http:\/\/www.farmtocafeteriacanada.ca\/wp-content\/uploads\/F2SM_logo2019_red_fr.jpg\",\"datePublished\":\"2019-11-07T20:58:13+00:00\",\"dateModified\":\"2019-12-03T20:37:57+00:00\",\"breadcrumb\":{\"@id\":\"https:\/\/www.farmtocafeteriacanada.ca\/fr\/demarrer\/mois-de-la-ferme-a-lecole-au-canada\/mois-de-la-ferme-a-lecole-2019-gagnants-et-faits-saillants-de-la-campagne\/#breadcrumb\"},\"inLanguage\":\"fr-FR\",\"potentialAction\":[{\"@type\":\"ReadAction\",\"target\":[\"https:\/\/www.farmtocafeteriacanada.ca\/fr\/demarrer\/mois-de-la-ferme-a-lecole-au-canada\/mois-de-la-ferme-a-lecole-2019-gagnants-et-faits-saillants-de-la-campagne\/\"]}]},{\"@type\":\"ImageObject\",\"inLanguage\":\"fr-FR\",\"@id\":\"https:\/\/www.farmtocafeteriacanada.ca\/fr\/demarrer\/mois-de-la-ferme-a-lecole-au-canada\/mois-de-la-ferme-a-lecole-2019-gagnants-et-faits-saillants-de-la-campagne\/#primaryimage\",\"url\":\"http:\/\/www.farmtocafeteriacanada.ca\/wp-content\/uploads\/F2SM_logo2019_red_fr.jpg\",\"contentUrl\":\"http:\/\/www.farmtocafeteriacanada.ca\/wp-content\/uploads\/F2SM_logo2019_red_fr.jpg\"},{\"@type\":\"BreadcrumbList\",\"@id\":\"https:\/\/www.farmtocafeteriacanada.ca\/fr\/demarrer\/mois-de-la-ferme-a-lecole-au-canada\/mois-de-la-ferme-a-lecole-2019-gagnants-et-faits-saillants-de-la-campagne\/#breadcrumb\",\"itemListElement\":[{\"@type\":\"ListItem\",\"position\":1,\"name\":\"Home\",\"item\":\"https:\/\/www.farmtocafeteriacanada.ca\/fr\/accueil\/\"},{\"@type\":\"ListItem\",\"position\":2,\"name\":\"D\u00e9marrer\",\"item\":\"https:\/\/www.farmtocafeteriacanada.ca\/fr\/demarrer\/\"},{\"@type\":\"ListItem\",\"position\":3,\"name\":\"Mois de la ferme \u00e0 l&#8217;\u00e9cole au Canada\",\"item\":\"https:\/\/www.farmtocafeteriacanada.ca\/fr\/demarrer\/mois-de-la-ferme-a-lecole-au-canada\/\"},{\"@type\":\"ListItem\",\"position\":4,\"name\":\"Mois De la ferme \u00e0 l\u2019\u00e9cole 2019 : Gagnants et faits saillants de la campagne\"}]},{\"@type\":\"WebSite\",\"@id\":\"https:\/\/www.farmtocafeteriacanada.ca\/#website\",\"url\":\"https:\/\/www.farmtocafeteriacanada.ca\/\",\"name\":\"Farm to Cafeteria Canada\",\"description\":\"\",\"publisher\":{\"@id\":\"https:\/\/www.farmtocafeteriacanada.ca\/#organization\"},\"potentialAction\":[{\"@type\":\"SearchAction\",\"target\":{\"@type\":\"EntryPoint\",\"urlTemplate\":\"https:\/\/www.farmtocafeteriacanada.ca\/?s={search_term_string}\"},\"query-input\":{\"@type\":\"PropertyValueSpecification\",\"valueRequired\":true,\"valueName\":\"search_term_string\"}}],\"inLanguage\":\"fr-FR\"},{\"@type\":\"Organization\",\"@id\":\"https:\/\/www.farmtocafeteriacanada.ca\/#organization\",\"name\":\"Farm to Cafeteria Canada\",\"url\":\"https:\/\/www.farmtocafeteriacanada.ca\/\",\"logo\":{\"@type\":\"ImageObject\",\"inLanguage\":\"fr-FR\",\"@id\":\"https:\/\/www.farmtocafeteriacanada.ca\/#\/schema\/logo\/image\/\",\"url\":\"http:\/\/www.farmtocafeteriacanada.ca\/wp-content\/uploads\/2015\/03\/f2cc_logo_en2.png\",\"contentUrl\":\"http:\/\/www.farmtocafeteriacanada.ca\/wp-content\/uploads\/2015\/03\/f2cc_logo_en2.png\",\"width\":3000,\"height\":476,\"caption\":\"Farm to Cafeteria Canada\"},\"image\":{\"@id\":\"https:\/\/www.farmtocafeteriacanada.ca\/#\/schema\/logo\/image\/\"},\"sameAs\":[\"https:\/\/www.facebook.com\/groups\/FarmtocafeteriaCanada\/\",\"https:\/\/x.com\/Farm2Cafeteria\",\"https:\/\/www.youtube.com\/channel\/UCQjcYiICtAygShD3IwNsewQ\"]}]}<\/script>\n<!-- \/ Yoast SEO plugin. -->","yoast_head_json":{"title":"Mois De la ferme \u00e0 l\u2019\u00e9cole 2019 : Gagnants et faits saillants de la campagne - Farm to Cafeteria Canada","robots":{"index":"index","follow":"follow","max-snippet":"max-snippet:-1","max-image-preview":"max-image-preview:large","max-video-preview":"max-video-preview:-1"},"canonical":"https:\/\/www.farmtocafeteriacanada.ca\/fr\/demarrer\/mois-de-la-ferme-a-lecole-au-canada\/mois-de-la-ferme-a-lecole-2019-gagnants-et-faits-saillants-de-la-campagne\/","og_locale":"fr_FR","og_type":"article","og_title":"Mois De la ferme \u00e0 l\u2019\u00e9cole 2019 : Gagnants et faits saillants de la campagne - Farm to Cafeteria Canada","og_description":"Les c\u00e9l\u00e9brations du Mois De la ferme \u00e0 l\u2019\u00e9cole 2019 avaient pour but de mobiliser les jeunes et de les int\u00e9resser \u00e0 d\u00e9couvrir les actions qu\u2019ils peuvent entreprendre pour promouvoir la sant\u00e9 des gens et de la plan\u00e8te. Durant le mois d\u2019octobre, nous avons partag\u00e9 des ressources et des conseils pour adopter des pratiques saines [&hellip;]","og_url":"https:\/\/www.farmtocafeteriacanada.ca\/fr\/demarrer\/mois-de-la-ferme-a-lecole-au-canada\/mois-de-la-ferme-a-lecole-2019-gagnants-et-faits-saillants-de-la-campagne\/","og_site_name":"Farm to Cafeteria Canada","article_publisher":"https:\/\/www.facebook.com\/groups\/FarmtocafeteriaCanada\/","article_modified_time":"2019-12-03T20:37:57+00:00","og_image":[{"url":"http:\/\/www.farmtocafeteriacanada.ca\/wp-content\/uploads\/F2SM_logo2019_red_fr.jpg","type":"","width":"","height":""}],"twitter_card":"summary_large_image","twitter_site":"@Farm2Cafeteria","twitter_misc":{"Dur\u00e9e de lecture estim\u00e9e":"1 minute"},"schema":{"@context":"https:\/\/schema.org","@graph":[{"@type":"WebPage","@id":"https:\/\/www.farmtocafeteriacanada.ca\/fr\/demarrer\/mois-de-la-ferme-a-lecole-au-canada\/mois-de-la-ferme-a-lecole-2019-gagnants-et-faits-saillants-de-la-campagne\/","url":"https:\/\/www.farmtocafeteriacanada.ca\/fr\/demarrer\/mois-de-la-ferme-a-lecole-au-canada\/mois-de-la-ferme-a-lecole-2019-gagnants-et-faits-saillants-de-la-campagne\/","name":"Mois De la ferme \u00e0 l\u2019\u00e9cole 2019 : Gagnants et faits saillants de la campagne - Farm to Cafeteria Canada","isPartOf":{"@id":"https:\/\/www.farmtocafeteriacanada.ca\/#website"},"primaryImageOfPage":{"@id":"https:\/\/www.farmtocafeteriacanada.ca\/fr\/demarrer\/mois-de-la-ferme-a-lecole-au-canada\/mois-de-la-ferme-a-lecole-2019-gagnants-et-faits-saillants-de-la-campagne\/#primaryimage"},"image":{"@id":"https:\/\/www.farmtocafeteriacanada.ca\/fr\/demarrer\/mois-de-la-ferme-a-lecole-au-canada\/mois-de-la-ferme-a-lecole-2019-gagnants-et-faits-saillants-de-la-campagne\/#primaryimage"},"thumbnailUrl":"http:\/\/www.farmtocafeteriacanada.ca\/wp-content\/uploads\/F2SM_logo2019_red_fr.jpg","datePublished":"2019-11-07T20:58:13+00:00","dateModified":"2019-12-03T20:37:57+00:00","breadcrumb":{"@id":"https:\/\/www.farmtocafeteriacanada.ca\/fr\/demarrer\/mois-de-la-ferme-a-lecole-au-canada\/mois-de-la-ferme-a-lecole-2019-gagnants-et-faits-saillants-de-la-campagne\/#breadcrumb"},"inLanguage":"fr-FR","potentialAction":[{"@type":"ReadAction","target":["https:\/\/www.farmtocafeteriacanada.ca\/fr\/demarrer\/mois-de-la-ferme-a-lecole-au-canada\/mois-de-la-ferme-a-lecole-2019-gagnants-et-faits-saillants-de-la-campagne\/"]}]},{"@type":"ImageObject","inLanguage":"fr-FR","@id":"https:\/\/www.farmtocafeteriacanada.ca\/fr\/demarrer\/mois-de-la-ferme-a-lecole-au-canada\/mois-de-la-ferme-a-lecole-2019-gagnants-et-faits-saillants-de-la-campagne\/#primaryimage","url":"http:\/\/www.farmtocafeteriacanada.ca\/wp-content\/uploads\/F2SM_logo2019_red_fr.jpg","contentUrl":"http:\/\/www.farmtocafeteriacanada.ca\/wp-content\/uploads\/F2SM_logo2019_red_fr.jpg"},{"@type":"BreadcrumbList","@id":"https:\/\/www.farmtocafeteriacanada.ca\/fr\/demarrer\/mois-de-la-ferme-a-lecole-au-canada\/mois-de-la-ferme-a-lecole-2019-gagnants-et-faits-saillants-de-la-campagne\/#breadcrumb","itemListElement":[{"@type":"ListItem","position":1,"name":"Home","item":"https:\/\/www.farmtocafeteriacanada.ca\/fr\/accueil\/"},{"@type":"ListItem","position":2,"name":"D\u00e9marrer","item":"https:\/\/www.farmtocafeteriacanada.ca\/fr\/demarrer\/"},{"@type":"ListItem","position":3,"name":"Mois de la ferme \u00e0 l&#8217;\u00e9cole au Canada","item":"https:\/\/www.farmtocafeteriacanada.ca\/fr\/demarrer\/mois-de-la-ferme-a-lecole-au-canada\/"},{"@type":"ListItem","position":4,"name":"Mois De la ferme \u00e0 l\u2019\u00e9cole 2019 : Gagnants et faits saillants de la campagne"}]},{"@type":"WebSite","@id":"https:\/\/www.farmtocafeteriacanada.ca\/#website","url":"https:\/\/www.farmtocafeteriacanada.ca\/","name":"Farm to Cafeteria Canada","description":"","publisher":{"@id":"https:\/\/www.farmtocafeteriacanada.ca\/#organization"},"potentialAction":[{"@type":"SearchAction","target":{"@type":"EntryPoint","urlTemplate":"https:\/\/www.farmtocafeteriacanada.ca\/?s={search_term_string}"},"query-input":{"@type":"PropertyValueSpecification","valueRequired":true,"valueName":"search_term_string"}}],"inLanguage":"fr-FR"},{"@type":"Organization","@id":"https:\/\/www.farmtocafeteriacanada.ca\/#organization","name":"Farm to Cafeteria Canada","url":"https:\/\/www.farmtocafeteriacanada.ca\/","logo":{"@type":"ImageObject","inLanguage":"fr-FR","@id":"https:\/\/www.farmtocafeteriacanada.ca\/#\/schema\/logo\/image\/","url":"http:\/\/www.farmtocafeteriacanada.ca\/wp-content\/uploads\/2015\/03\/f2cc_logo_en2.png","contentUrl":"http:\/\/www.farmtocafeteriacanada.ca\/wp-content\/uploads\/2015\/03\/f2cc_logo_en2.png","width":3000,"height":476,"caption":"Farm to Cafeteria Canada"},"image":{"@id":"https:\/\/www.farmtocafeteriacanada.ca\/#\/schema\/logo\/image\/"},"sameAs":["https:\/\/www.facebook.com\/groups\/FarmtocafeteriaCanada\/","https:\/\/x.com\/Farm2Cafeteria","https:\/\/www.youtube.com\/channel\/UCQjcYiICtAygShD3IwNsewQ"]}]}},"_links":{"self":[{"href":"https:\/\/www.farmtocafeteriacanada.ca\/fr\/wp-json\/wp\/v2\/pages\/17077","targetHints":{"allow":["GET"]}}],"collection":[{"href":"https:\/\/www.farmtocafeteriacanada.ca\/fr\/wp-json\/wp\/v2\/pages"}],"about":[{"href":"https:\/\/www.farmtocafeteriacanada.ca\/fr\/wp-json\/wp\/v2\/types\/page"}],"author":[{"embeddable":true,"href":"https:\/\/www.farmtocafeteriacanada.ca\/fr\/wp-json\/wp\/v2\/users\/3"}],"replies":[{"embeddable":true,"href":"https:\/\/www.farmtocafeteriacanada.ca\/fr\/wp-json\/wp\/v2\/comments?post=17077"}],"version-history":[{"count":5,"href":"https:\/\/www.farmtocafeteriacanada.ca\/fr\/wp-json\/wp\/v2\/pages\/17077\/revisions"}],"predecessor-version":[{"id":17128,"href":"https:\/\/www.farmtocafeteriacanada.ca\/fr\/wp-json\/wp\/v2\/pages\/17077\/revisions\/17128"}],"up":[{"embeddable":true,"href":"https:\/\/www.farmtocafeteriacanada.ca\/fr\/wp-json\/wp\/v2\/pages\/13786"}],"wp:attachment":[{"href":"https:\/\/www.farmtocafeteriacanada.ca\/fr\/wp-json\/wp\/v2\/media?parent=17077"}],"curies":[{"name":"wp","href":"https:\/\/api.w.org\/{rel}","templated":true}]}}