
{"id":10571,"date":"2017-08-02T11:50:23","date_gmt":"2017-08-02T16:50:23","guid":{"rendered":"http:\/\/www.farmtocafeteriacanada.ca\/?page_id=10571\/"},"modified":"2022-11-14T15:48:15","modified_gmt":"2022-11-14T21:48:15","slug":"nos-initiatives","status":"publish","type":"page","link":"https:\/\/www.farmtocafeteriacanada.ca\/fr\/nos-initiatives\/","title":{"rendered":"Nos Initiatives"},"content":{"rendered":"<h5 class=\"p1\"><span class=\"s1\"><b>Le r\u00e9seau De la ferme \u00e0 la caf\u00e9t\u00e9ria Canada est fier du travail accompli avec ses nombreux partenaires pour accro\u00eetre la pr\u00e9sence d\u2019aliments de la plus haute qualit\u00e9 possible dans l\u2019esprit et dans l\u2019assiette des personnes qui vivent, travaillent, apprennent et se r\u00e9tablissent dans nos institutions publiques. Ensemble, nous avons beaucoup accompli en peu de temps, surtout au chapitre De la ferme \u00e0 l\u2019\u00e9cole. Nous nous pr\u00e9parons maintenant \u00e0 approfondir et \u00e0 \u00e9largir notre soutien pour les campus et les \u00e9tablissements de soins de sant\u00e9.<\/b><\/span><\/h5>\n<hr \/>\n<h4 class=\"p1\"><span class=\"s1\">De la ferme \u00e0 l\u2019\u00e9cole : Le Canada, une terre fertile! <\/span>(2017 \u00e0 ce jour)<\/h4>\n<p class=\"p1\"><span class=\"s1\"><img loading=\"lazy\" decoding=\"async\" class=\"alignleft wp-image-10847 size-full\" src=\"http:\/\/www.farmtocafeteriacanada.ca\/wp-content\/uploads\/2017\/08\/F2CC_CDI_fr_rgb_lg.png\" alt=\"De la ferme \u00e0 l\u2019\u00e9cole : Le Canada, une terre fertile!\" width=\"102\" height=\"99\" \/><\/span><\/p>\n<p class=\"p1\"><span class=\"s1\"><i>De la ferme \u00e0 l\u2019\u00e9cole\u00a0: le Canada, une terre fertile! <\/i>est une initiative pancanadienne con\u00e7ue pour \u00e9valuer et faire essaimer les pratiques prometteuses du mouvement De la ferme \u00e0 l\u2019\u00e9cole dans les \u00e9coles et sur les campus situ\u00e9s dans des communaut\u00e9s urbaines, rurales, isol\u00e9es et autochtones partout au pays.<\/span><\/p>\n<h6 class=\"p1\"><a href=\"https:\/\/www.farmtocafeteriacanada.ca\/fr\/nos-initiatives\/a-propos-de-linitiative-de-la-ferme-a-lecole-le-canada-une-terre-fertile\/\"><span class=\"s1\">Pour en savoir plus<\/span><\/a><\/h6>\n<hr \/>\n<h4 class=\"p1\"><span class=\"s1\"><b>Conf\u00e9rence nationale De la ferme \u00e0 l\u2019\u00e9cole (du 15 au 17 mai 2019)<\/b><\/span><\/h4>\n<p class=\"p1\"><span class=\"s1\"><img loading=\"lazy\" decoding=\"async\" class=\"alignleft wp-image-15265\" src=\"https:\/\/www.farmtocafeteriacanada.ca\/wp-content\/uploads\/2019_Conf_logo_fr.jpg\" alt=\"\" width=\"116\" height=\"66\" srcset=\"https:\/\/www.farmtocafeteriacanada.ca\/wp-content\/uploads\/2019_Conf_logo_fr.jpg 294w, https:\/\/www.farmtocafeteriacanada.ca\/wp-content\/uploads\/2019_Conf_logo_fr-290x168.jpg 290w\" sizes=\"auto, (max-width: 116px) 100vw, 116px\" \/>L\u2019organisation de conf\u00e9rences nationales pour faire progresser le mouvement visant \u00e0 instaurer une alimentation saine locale dans les institutions publiques du Canada figure parmi nos activit\u00e9s de base. La Conf\u00e9rence nationale De la ferme \u00e0 l\u2019\u00e9cole pr\u00e9vue pour le printemps 2019 est la troisi\u00e8me d\u2019une s\u00e9rie de conf\u00e9rences nationales organis\u00e9es ou co-organis\u00e9es par le r\u00e9seau De la ferme \u00e0 la caf\u00e9t\u00e9ria Canada.<\/span><\/p>\n<h6 class=\"p1\"><a href=\"https:\/\/www.farmtocafeteriacanada.ca\/fr\/demarrer\/de-la-ferme-a-lecole-canada\/congres-national-de-la-ferme-a-lecole\/\"><span class=\"s1\">Pour en savoir plus<\/span><\/a><\/h6>\n<hr \/>\n<h4 class=\"p1\"><span class=\"s1\">Carte canadienne des activit\u00e9s De la ferme \u00e0 l\u2019\u00e9cole\u00a0<\/span>(2014 \u00e0 ce jour)<\/h4>\n<p class=\"p1\"><em><img loading=\"lazy\" decoding=\"async\" class=\"alignleft wp-image-10182 \" src=\"http:\/\/www.farmtocafeteriacanada.ca\/wp-content\/uploads\/2014\/05\/school_food_map-300x256.png\" alt=\"\" width=\"117\" height=\"100\" srcset=\"https:\/\/www.farmtocafeteriacanada.ca\/wp-content\/uploads\/2014\/05\/school_food_map-300x256.png 300w, https:\/\/www.farmtocafeteriacanada.ca\/wp-content\/uploads\/2014\/05\/school_food_map.png 589w\" sizes=\"auto, (max-width: 117px) 100vw, 117px\" \/><\/em><\/p>\n<p class=\"p1\"><span class=\"s1\">Le r\u00e9seau De la ferme \u00e0 la caf\u00e9t\u00e9ria Canada a cr\u00e9\u00e9 et entretient l\u2019unique carte nationale des activit\u00e9s en cours dans les maternelles, les \u00e9coles et les universit\u00e9s canadiennes pour accro\u00eetre la pr\u00e9sence d\u2019aliments sains locaux dans l\u2019esprit et dans l\u2019assiette des \u00e9l\u00e8ves et des \u00e9tudiants. Les membres des communaut\u00e9s scolaires qui participent \u00e0 la culture, \u00e0 la r\u00e9colte, \u00e0 l\u2019achat, \u00e0 la cuisson, au service et \u00e0 la consommation d\u2019aliments sains locaux inscrivent leurs activit\u00e9s sur cette carte. Plus les chiffres augmentent \u2013 \u00e9coles et \u00e9l\u00e8ves participants, jardins, clubs de cuisine, aliments locaux achet\u00e9s \u2013 plus l\u2019int\u00e9r\u00eat des d\u00e9cideurs et des bailleurs de fonds grandit!<\/span><\/p>\n<h6><a href=\"https:\/\/www.farmtocafeteriacanada.ca\/fr\/notre-impact\/carte-de-alimentation-scolaire-au-canada\/\" target=\"_blank\" rel=\"noopener\">Inscrivez votre\u00a0<span class=\"gdlr-core-content\">\u00e9cole<\/span><\/a><\/h6>\n<hr \/>\n<h4 class=\"p1\"><span class=\"s1\">Mois De la ferme \u00e0 l\u2019\u00e9cole CANADA (2014 \u00e0 ce jour)<\/span><\/h4>\n<p class=\"p1\"><em><img loading=\"lazy\" decoding=\"async\" class=\"alignleft wp-image-10816 \" src=\"http:\/\/www.farmtocafeteriacanada.ca\/wp-content\/uploads\/2017\/08\/f2smgraphic_rgb_fr-300x151.jpg\" alt=\"MOIS De la ferme \u00e0 l'\u00e9cole Canada\" width=\"121\" height=\"61\" srcset=\"https:\/\/www.farmtocafeteriacanada.ca\/wp-content\/uploads\/2017\/08\/f2smgraphic_rgb_fr-300x151.jpg 300w, https:\/\/www.farmtocafeteriacanada.ca\/wp-content\/uploads\/2017\/08\/f2smgraphic_rgb_fr.jpg 505w\" sizes=\"auto, (max-width: 121px) 100vw, 121px\" \/><\/em><\/p>\n<p class=\"p1\"><span class=\"s1\">Chaque ann\u00e9e, au mois d\u2019octobre, le r\u00e9seau De la ferme \u00e0 la caf\u00e9t\u00e9ria Canada collabore avec ses organismes responsables partout au pays pour organiser et ex\u00e9cuter des campagnes annuelles du Mois De la ferme \u00e0 l\u2019\u00e9cole Canada. Ces campagnes nationales se d\u00e9roulent en m\u00eame temps que celles organis\u00e9es par notre homologue am\u00e9ricain, le US National Farm to School Network. Au Canada, les campagnes sont con\u00e7ues pour mobiliser les communaut\u00e9s pr\u00e9scolaires, scolaires, coll\u00e9giales et universitaires et les encourager \u00e0 participer \u00e0 des activit\u00e9s destin\u00e9es \u00e0 c\u00e9l\u00e9brer le mouvement De la ferme \u00e0 l\u2019\u00e9cole.<\/span><\/p>\n<h6 class=\"p1\"><a href=\"https:\/\/www.farmtocafeteriacanada.ca\/fr\/demarrer\/mois-de-la-ferme-a-lecole-au-canada\/\"><span class=\"s1\">Pour en savoir plus<\/span><\/a><\/h6>\n<hr \/>\n<h4 class=\"p1\"><span class=\"s1\">Subventions De la ferme \u00e0 l\u2019\u00e9cole Canada (2016 \u00e0 ce jour)<\/span><\/h4>\n<p><img loading=\"lazy\" decoding=\"async\" class=\"alignleft wp-image-9896 \" src=\"http:\/\/www.farmtocafeteriacanada.ca\/wp-content\/uploads\/2017\/05\/CHSS-Photo-300x225.png\" alt=\"\" width=\"135\" height=\"101\" srcset=\"https:\/\/www.farmtocafeteriacanada.ca\/wp-content\/uploads\/2017\/05\/CHSS-Photo-300x225.png 300w, https:\/\/www.farmtocafeteriacanada.ca\/wp-content\/uploads\/2017\/05\/CHSS-Photo-768x576.png 768w, https:\/\/www.farmtocafeteriacanada.ca\/wp-content\/uploads\/2017\/05\/CHSS-Photo-1024x768.png 1024w, https:\/\/www.farmtocafeteriacanada.ca\/wp-content\/uploads\/2017\/05\/CHSS-Photo.png 1052w\" sizes=\"auto, (max-width: 135px) 100vw, 135px\" \/><\/p>\n<p class=\"p1\"><span class=\"s1\">Le r\u00e9seau De la ferme \u00e0 la caf\u00e9t\u00e9ria Canada s\u2019est associ\u00e9 \u00e0 la fondation Whole Kids pour distribuer des subventions directement aux \u00e9coles canadiennes afin d\u2019appuyer des projets con\u00e7us pour approvisionner les caf\u00e9t\u00e9rias scolaires en aliments locaux qui sont servis dans des buffets \u00e0 salades. Des subventions ont \u00e9t\u00e9 accord\u00e9es \u00e0 des dizaines d\u2019\u00e9coles au Canada depuis 2016, offrant ainsi \u00e0 des milliers d\u2019\u00e9l\u00e8ves l\u2019occasion de cultiver, r\u00e9colter, cuisiner, mettre en conserve et consommer des aliments sains, locaux et durables. <\/span><\/p>\n<p class=\"p1\"><span class=\"s1\"><a href=\"https:\/\/www.farmtocafeteriacanada.ca\/fr\/nos-initiatives\/bourse-de-la-ferme-a-lecole-canada\/\"><b>Pour en savoir plus<\/b><\/a><\/span><\/p>\n<div>\n<hr \/>\n<h4><span class=\"s1\">Nourrir l\u2019avenir de nos \u00e9coles\u00a0<\/span> <b>(2013 &#8211; 2016)<\/b><\/h4>\n<\/div>\n<p><img loading=\"lazy\" decoding=\"async\" class=\"alignleft wp-image-3671 \" src=\"http:\/\/www.farmtocafeteriacanada.ca\/wp-content\/uploads\/2014\/07\/nsc_logo_fr_4c.jpg\" alt=\"Nourrir l'avenir de nos \u00e9coles\" width=\"143\" height=\"90\" \/><\/p>\n<p class=\"p1\"><span class=\"s1\">Nourrir l\u2019avenir de nos \u00e9coles a rassembl\u00e9 des partenaires de partout au pays qui souhaitaient concr\u00e9tiser une vision : faire en sorte que les aliments sains locaux soient plus pr\u00e9sents dans l\u2019esprit et dans l\u2019assiette des \u00e9l\u00e8ves. Gr\u00e2ce \u00e0 trois ans de financement par le gouvernement f\u00e9d\u00e9ral dans le cadre du programme COALITION (Connaissances et action li\u00e9es pour une meilleure pr\u00e9vention) du Partenariat canadien contre le cancer, cette initiative a \u00e9t\u00e9 coordonn\u00e9e par Coeur + AVC, De la ferme \u00e0 la caf\u00e9t\u00e9ria Canada, YMCA Canada, la F\u00e9d\u00e9ration des nations indig\u00e8nes souveraines, The Lunch Lady Group inc., l\u2019Universit\u00e9 du Nouveau-Brunswick et le Centre pour l\u2019avancement de la sant\u00e9 des populations Propel.<\/span><\/p>\n<h6 class=\"p3\"><span class=\"s1\"><img loading=\"lazy\" decoding=\"async\" class=\"alignleft wp-image-10911\" src=\"http:\/\/www.farmtocafeteriacanada.ca\/wp-content\/uploads\/2014\/07\/NSC_Report-2017_FR_cover-232x300.jpg\" alt=\"Nourrir l\u2019avenir de nos \u00e9coles; Rapport d\u2019impact 2013-2016\" width=\"91\" height=\"118\" srcset=\"https:\/\/www.farmtocafeteriacanada.ca\/wp-content\/uploads\/2014\/07\/NSC_Report-2017_FR_cover-232x300.jpg 232w, https:\/\/www.farmtocafeteriacanada.ca\/wp-content\/uploads\/2014\/07\/NSC_Report-2017_FR_cover.jpg 278w\" sizes=\"auto, (max-width: 91px) 100vw, 91px\" \/>Pour en savoir plus, lisez<b><br \/>\n<a href=\"http:\/\/www.farmtocafeteriacanada.ca\/wp-content\/uploads\/2017\/10\/NSC_Report-2017_FR_online.pdf\">Nourrir l\u2019avenir de nos \u00e9coles rapport d\u2019impact 2013-2016<\/a>\u00a0<\/b><\/span><\/h6>\n<p>&nbsp;<\/p>\n<p>&nbsp;<\/p>\n<hr \/>\n<h4 class=\"p1\"><span class=\"s1\">Le point sur l\u2019alimentation locale : les \u00e9coles, campus et \u00e9tablissements de sant\u00e9 canadiens s\u2019expriment (2012 &#8211; 2013)<\/span><\/h4>\n<p class=\"p1\"><img loading=\"lazy\" decoding=\"async\" class=\"alignleft wp-image-5202\" src=\"http:\/\/www.farmtocafeteriacanada.ca\/wp-content\/uploads\/2014\/06\/local_food_canadian_schools-233x300.jpg\" alt=\"Local Foods: Canadian Schools, Campuses, and Health Care Facilities Speak Up\" width=\"117\" height=\"150\" srcset=\"https:\/\/www.farmtocafeteriacanada.ca\/wp-content\/uploads\/2014\/06\/local_food_canadian_schools-233x300.jpg 233w, https:\/\/www.farmtocafeteriacanada.ca\/wp-content\/uploads\/2014\/06\/local_food_canadian_schools.jpg 279w\" sizes=\"auto, (max-width: 117px) 100vw, 117px\" \/><\/p>\n<p class=\"p1\"><span class=\"s1\">En 2012, gr\u00e2ce \u00e0 une g\u00e9n\u00e9reuse contribution de la Fondation de la famille J.W.<span class=\"Apple-converted-space\">\u00a0 <\/span>McConnell, le r\u00e9seau De la ferme \u00e0 la caf\u00e9t\u00e9ria Canada a command\u00e9 le premier sondage national sur les initiatives d\u2019alimentation locale dans les \u00e9coles, campus et \u00e9tablissements de soins de sant\u00e9 canadiens. Selon le rapport intitul\u00e9 <i>Le point sur l\u2019alimentation scolaire \u2013 les \u00e9coles, campus et \u00e9tablissements de sant\u00e9 canadiens s\u2019expriment<\/i>, \u00ab\u00a0les actions pour approvisionner les organismes publics en aliments sains, cultiv\u00e9s localement et de mani\u00e8re responsable prennent de l\u2019ampleur dans pratiquement toutes les provinces et tous les territoires du pays. Et l\u2019app\u00e9tit va grandissant\u00a0\u00bb. (Atkinson, McKenna, Bays et al, 2013).<\/span><\/p>\n<h6 class=\"p1\"><span class=\"s1\"><a href=\"https:\/\/www.farmtocafeteriacanada.ca\/fr\/demarrer\/de-la-ferme-a-lecole-canada\/le-point-sur-lalimentation-locale-les-ecoles-campus-et-etablissements-de-sante-canadiens-sexpriment\/\"><b>Le point sur l\u2019alimentation locale : les \u00e9coles canadiennes s\u2019expriment<\/b><\/a><\/span><\/h6>\n","protected":false},"excerpt":{"rendered":"<p>Le r\u00e9seau De la ferme \u00e0 la caf\u00e9t\u00e9ria Canada est fier du travail accompli avec ses nombreux partenaires pour accro\u00eetre la pr\u00e9sence d\u2019aliments de la plus haute qualit\u00e9 possible dans l\u2019esprit et dans l\u2019assiette des personnes qui vivent, travaillent, apprennent et se r\u00e9tablissent dans nos institutions publiques. Ensemble, nous avons beaucoup accompli en peu de [&hellip;]<\/p>\n","protected":false},"author":3,"featured_media":0,"parent":0,"menu_order":0,"comment_status":"closed","ping_status":"closed","template":"","meta":{"_acf_changed":false,"_exactmetrics_skip_tracking":false,"_exactmetrics_sitenote_active":false,"_exactmetrics_sitenote_note":"","_exactmetrics_sitenote_category":0,"footnotes":""},"class_list":["post-10571","page","type-page","status-publish","hentry"],"acf":[],"yoast_head":"<!-- This site is optimized with the Yoast SEO plugin v26.7 - https:\/\/yoast.com\/wordpress\/plugins\/seo\/ -->\n<title>Nos Initiatives - Farm to Cafeteria Canada<\/title>\n<meta name=\"robots\" content=\"index, follow, max-snippet:-1, max-image-preview:large, max-video-preview:-1\" \/>\n<link rel=\"canonical\" href=\"https:\/\/www.farmtocafeteriacanada.ca\/fr\/nos-initiatives\/\" \/>\n<meta property=\"og:locale\" content=\"fr_FR\" \/>\n<meta property=\"og:type\" content=\"article\" \/>\n<meta property=\"og:title\" content=\"Nos Initiatives - Farm to Cafeteria Canada\" \/>\n<meta property=\"og:description\" content=\"Le r\u00e9seau De la ferme \u00e0 la caf\u00e9t\u00e9ria Canada est fier du travail accompli avec ses nombreux partenaires pour accro\u00eetre la pr\u00e9sence d\u2019aliments de la plus haute qualit\u00e9 possible dans l\u2019esprit et dans l\u2019assiette des personnes qui vivent, travaillent, apprennent et se r\u00e9tablissent dans nos institutions publiques. Ensemble, nous avons beaucoup accompli en peu de [&hellip;]\" \/>\n<meta property=\"og:url\" content=\"https:\/\/www.farmtocafeteriacanada.ca\/fr\/nos-initiatives\/\" \/>\n<meta property=\"og:site_name\" content=\"Farm to Cafeteria Canada\" \/>\n<meta property=\"article:publisher\" content=\"https:\/\/www.facebook.com\/groups\/FarmtocafeteriaCanada\/\" \/>\n<meta property=\"article:modified_time\" content=\"2022-11-14T21:48:15+00:00\" \/>\n<meta property=\"og:image\" content=\"http:\/\/www.farmtocafeteriacanada.ca\/wp-content\/uploads\/2017\/08\/F2CC_CDI_fr_rgb_lg.png\" \/>\n<meta name=\"twitter:card\" content=\"summary_large_image\" \/>\n<meta name=\"twitter:site\" content=\"@Farm2Cafeteria\" \/>\n<meta name=\"twitter:label1\" content=\"Dur\u00e9e de lecture estim\u00e9e\" \/>\n\t<meta name=\"twitter:data1\" content=\"6 minutes\" \/>\n<script type=\"application\/ld+json\" class=\"yoast-schema-graph\">{\"@context\":\"https:\/\/schema.org\",\"@graph\":[{\"@type\":\"WebPage\",\"@id\":\"https:\/\/www.farmtocafeteriacanada.ca\/fr\/nos-initiatives\/\",\"url\":\"https:\/\/www.farmtocafeteriacanada.ca\/fr\/nos-initiatives\/\",\"name\":\"Nos Initiatives - Farm to Cafeteria Canada\",\"isPartOf\":{\"@id\":\"https:\/\/www.farmtocafeteriacanada.ca\/#website\"},\"primaryImageOfPage\":{\"@id\":\"https:\/\/www.farmtocafeteriacanada.ca\/fr\/nos-initiatives\/#primaryimage\"},\"image\":{\"@id\":\"https:\/\/www.farmtocafeteriacanada.ca\/fr\/nos-initiatives\/#primaryimage\"},\"thumbnailUrl\":\"http:\/\/www.farmtocafeteriacanada.ca\/wp-content\/uploads\/2017\/08\/F2CC_CDI_fr_rgb_lg.png\",\"datePublished\":\"2017-08-02T16:50:23+00:00\",\"dateModified\":\"2022-11-14T21:48:15+00:00\",\"breadcrumb\":{\"@id\":\"https:\/\/www.farmtocafeteriacanada.ca\/fr\/nos-initiatives\/#breadcrumb\"},\"inLanguage\":\"fr-FR\",\"potentialAction\":[{\"@type\":\"ReadAction\",\"target\":[\"https:\/\/www.farmtocafeteriacanada.ca\/fr\/nos-initiatives\/\"]}]},{\"@type\":\"ImageObject\",\"inLanguage\":\"fr-FR\",\"@id\":\"https:\/\/www.farmtocafeteriacanada.ca\/fr\/nos-initiatives\/#primaryimage\",\"url\":\"http:\/\/www.farmtocafeteriacanada.ca\/wp-content\/uploads\/2017\/08\/F2CC_CDI_fr_rgb_lg.png\",\"contentUrl\":\"http:\/\/www.farmtocafeteriacanada.ca\/wp-content\/uploads\/2017\/08\/F2CC_CDI_fr_rgb_lg.png\"},{\"@type\":\"BreadcrumbList\",\"@id\":\"https:\/\/www.farmtocafeteriacanada.ca\/fr\/nos-initiatives\/#breadcrumb\",\"itemListElement\":[{\"@type\":\"ListItem\",\"position\":1,\"name\":\"Home\",\"item\":\"https:\/\/www.farmtocafeteriacanada.ca\/fr\/accueil\/\"},{\"@type\":\"ListItem\",\"position\":2,\"name\":\"Nos Initiatives\"}]},{\"@type\":\"WebSite\",\"@id\":\"https:\/\/www.farmtocafeteriacanada.ca\/#website\",\"url\":\"https:\/\/www.farmtocafeteriacanada.ca\/\",\"name\":\"Farm to Cafeteria Canada\",\"description\":\"\",\"publisher\":{\"@id\":\"https:\/\/www.farmtocafeteriacanada.ca\/#organization\"},\"potentialAction\":[{\"@type\":\"SearchAction\",\"target\":{\"@type\":\"EntryPoint\",\"urlTemplate\":\"https:\/\/www.farmtocafeteriacanada.ca\/?s={search_term_string}\"},\"query-input\":{\"@type\":\"PropertyValueSpecification\",\"valueRequired\":true,\"valueName\":\"search_term_string\"}}],\"inLanguage\":\"fr-FR\"},{\"@type\":\"Organization\",\"@id\":\"https:\/\/www.farmtocafeteriacanada.ca\/#organization\",\"name\":\"Farm to Cafeteria Canada\",\"url\":\"https:\/\/www.farmtocafeteriacanada.ca\/\",\"logo\":{\"@type\":\"ImageObject\",\"inLanguage\":\"fr-FR\",\"@id\":\"https:\/\/www.farmtocafeteriacanada.ca\/#\/schema\/logo\/image\/\",\"url\":\"http:\/\/www.farmtocafeteriacanada.ca\/wp-content\/uploads\/2015\/03\/f2cc_logo_en2.png\",\"contentUrl\":\"http:\/\/www.farmtocafeteriacanada.ca\/wp-content\/uploads\/2015\/03\/f2cc_logo_en2.png\",\"width\":3000,\"height\":476,\"caption\":\"Farm to Cafeteria Canada\"},\"image\":{\"@id\":\"https:\/\/www.farmtocafeteriacanada.ca\/#\/schema\/logo\/image\/\"},\"sameAs\":[\"https:\/\/www.facebook.com\/groups\/FarmtocafeteriaCanada\/\",\"https:\/\/x.com\/Farm2Cafeteria\",\"https:\/\/www.youtube.com\/channel\/UCQjcYiICtAygShD3IwNsewQ\"]}]}<\/script>\n<!-- \/ Yoast SEO plugin. -->","yoast_head_json":{"title":"Nos Initiatives - Farm to Cafeteria Canada","robots":{"index":"index","follow":"follow","max-snippet":"max-snippet:-1","max-image-preview":"max-image-preview:large","max-video-preview":"max-video-preview:-1"},"canonical":"https:\/\/www.farmtocafeteriacanada.ca\/fr\/nos-initiatives\/","og_locale":"fr_FR","og_type":"article","og_title":"Nos Initiatives - Farm to Cafeteria Canada","og_description":"Le r\u00e9seau De la ferme \u00e0 la caf\u00e9t\u00e9ria Canada est fier du travail accompli avec ses nombreux partenaires pour accro\u00eetre la pr\u00e9sence d\u2019aliments de la plus haute qualit\u00e9 possible dans l\u2019esprit et dans l\u2019assiette des personnes qui vivent, travaillent, apprennent et se r\u00e9tablissent dans nos institutions publiques. Ensemble, nous avons beaucoup accompli en peu de [&hellip;]","og_url":"https:\/\/www.farmtocafeteriacanada.ca\/fr\/nos-initiatives\/","og_site_name":"Farm to Cafeteria Canada","article_publisher":"https:\/\/www.facebook.com\/groups\/FarmtocafeteriaCanada\/","article_modified_time":"2022-11-14T21:48:15+00:00","og_image":[{"url":"http:\/\/www.farmtocafeteriacanada.ca\/wp-content\/uploads\/2017\/08\/F2CC_CDI_fr_rgb_lg.png","type":"","width":"","height":""}],"twitter_card":"summary_large_image","twitter_site":"@Farm2Cafeteria","twitter_misc":{"Dur\u00e9e de lecture estim\u00e9e":"6 minutes"},"schema":{"@context":"https:\/\/schema.org","@graph":[{"@type":"WebPage","@id":"https:\/\/www.farmtocafeteriacanada.ca\/fr\/nos-initiatives\/","url":"https:\/\/www.farmtocafeteriacanada.ca\/fr\/nos-initiatives\/","name":"Nos Initiatives - Farm to Cafeteria Canada","isPartOf":{"@id":"https:\/\/www.farmtocafeteriacanada.ca\/#website"},"primaryImageOfPage":{"@id":"https:\/\/www.farmtocafeteriacanada.ca\/fr\/nos-initiatives\/#primaryimage"},"image":{"@id":"https:\/\/www.farmtocafeteriacanada.ca\/fr\/nos-initiatives\/#primaryimage"},"thumbnailUrl":"http:\/\/www.farmtocafeteriacanada.ca\/wp-content\/uploads\/2017\/08\/F2CC_CDI_fr_rgb_lg.png","datePublished":"2017-08-02T16:50:23+00:00","dateModified":"2022-11-14T21:48:15+00:00","breadcrumb":{"@id":"https:\/\/www.farmtocafeteriacanada.ca\/fr\/nos-initiatives\/#breadcrumb"},"inLanguage":"fr-FR","potentialAction":[{"@type":"ReadAction","target":["https:\/\/www.farmtocafeteriacanada.ca\/fr\/nos-initiatives\/"]}]},{"@type":"ImageObject","inLanguage":"fr-FR","@id":"https:\/\/www.farmtocafeteriacanada.ca\/fr\/nos-initiatives\/#primaryimage","url":"http:\/\/www.farmtocafeteriacanada.ca\/wp-content\/uploads\/2017\/08\/F2CC_CDI_fr_rgb_lg.png","contentUrl":"http:\/\/www.farmtocafeteriacanada.ca\/wp-content\/uploads\/2017\/08\/F2CC_CDI_fr_rgb_lg.png"},{"@type":"BreadcrumbList","@id":"https:\/\/www.farmtocafeteriacanada.ca\/fr\/nos-initiatives\/#breadcrumb","itemListElement":[{"@type":"ListItem","position":1,"name":"Home","item":"https:\/\/www.farmtocafeteriacanada.ca\/fr\/accueil\/"},{"@type":"ListItem","position":2,"name":"Nos Initiatives"}]},{"@type":"WebSite","@id":"https:\/\/www.farmtocafeteriacanada.ca\/#website","url":"https:\/\/www.farmtocafeteriacanada.ca\/","name":"Farm to Cafeteria Canada","description":"","publisher":{"@id":"https:\/\/www.farmtocafeteriacanada.ca\/#organization"},"potentialAction":[{"@type":"SearchAction","target":{"@type":"EntryPoint","urlTemplate":"https:\/\/www.farmtocafeteriacanada.ca\/?s={search_term_string}"},"query-input":{"@type":"PropertyValueSpecification","valueRequired":true,"valueName":"search_term_string"}}],"inLanguage":"fr-FR"},{"@type":"Organization","@id":"https:\/\/www.farmtocafeteriacanada.ca\/#organization","name":"Farm to Cafeteria Canada","url":"https:\/\/www.farmtocafeteriacanada.ca\/","logo":{"@type":"ImageObject","inLanguage":"fr-FR","@id":"https:\/\/www.farmtocafeteriacanada.ca\/#\/schema\/logo\/image\/","url":"http:\/\/www.farmtocafeteriacanada.ca\/wp-content\/uploads\/2015\/03\/f2cc_logo_en2.png","contentUrl":"http:\/\/www.farmtocafeteriacanada.ca\/wp-content\/uploads\/2015\/03\/f2cc_logo_en2.png","width":3000,"height":476,"caption":"Farm to Cafeteria Canada"},"image":{"@id":"https:\/\/www.farmtocafeteriacanada.ca\/#\/schema\/logo\/image\/"},"sameAs":["https:\/\/www.facebook.com\/groups\/FarmtocafeteriaCanada\/","https:\/\/x.com\/Farm2Cafeteria","https:\/\/www.youtube.com\/channel\/UCQjcYiICtAygShD3IwNsewQ"]}]}},"_links":{"self":[{"href":"https:\/\/www.farmtocafeteriacanada.ca\/fr\/wp-json\/wp\/v2\/pages\/10571","targetHints":{"allow":["GET"]}}],"collection":[{"href":"https:\/\/www.farmtocafeteriacanada.ca\/fr\/wp-json\/wp\/v2\/pages"}],"about":[{"href":"https:\/\/www.farmtocafeteriacanada.ca\/fr\/wp-json\/wp\/v2\/types\/page"}],"author":[{"embeddable":true,"href":"https:\/\/www.farmtocafeteriacanada.ca\/fr\/wp-json\/wp\/v2\/users\/3"}],"replies":[{"embeddable":true,"href":"https:\/\/www.farmtocafeteriacanada.ca\/fr\/wp-json\/wp\/v2\/comments?post=10571"}],"version-history":[{"count":5,"href":"https:\/\/www.farmtocafeteriacanada.ca\/fr\/wp-json\/wp\/v2\/pages\/10571\/revisions"}],"predecessor-version":[{"id":32907,"href":"https:\/\/www.farmtocafeteriacanada.ca\/fr\/wp-json\/wp\/v2\/pages\/10571\/revisions\/32907"}],"wp:attachment":[{"href":"https:\/\/www.farmtocafeteriacanada.ca\/fr\/wp-json\/wp\/v2\/media?parent=10571"}],"curies":[{"name":"wp","href":"https:\/\/api.w.org\/{rel}","templated":true}]}}