
{"version":"1.0","provider_name":"Farm to Cafeteria Canada","provider_url":"https:\/\/www.farmtocafeteriacanada.ca\/fr\/","author_name":"F2CC admin","author_url":"https:\/\/www.farmtocafeteriacanada.ca\/fr\/author\/tracey\/","title":"Une soupe \u00ab\u00a0cultiv\u00e9e\u00a0\u00bb par des \u00e9l\u00e8ves - Farm to Cafeteria Canada","type":"rich","width":600,"height":338,"html":"<blockquote class=\"wp-embedded-content\" data-secret=\"bB6L1rjEP7\"><a href=\"https:\/\/www.farmtocafeteriacanada.ca\/fr\/2016\/10\/une-soupe-cultivee-par-des-eleves\/\">Une soupe \u00ab\u00a0cultiv\u00e9e\u00a0\u00bb par des \u00e9l\u00e8ves<\/a><\/blockquote><iframe sandbox=\"allow-scripts\" security=\"restricted\" src=\"https:\/\/www.farmtocafeteriacanada.ca\/fr\/2016\/10\/une-soupe-cultivee-par-des-eleves\/embed\/#?secret=bB6L1rjEP7\" width=\"600\" height=\"338\" title=\"\u00ab\u00a0Une soupe \u00ab\u00a0cultiv\u00e9e\u00a0\u00bb par des \u00e9l\u00e8ves\u00a0\u00bb &#8212; Farm to Cafeteria Canada\" data-secret=\"bB6L1rjEP7\" frameborder=\"0\" marginwidth=\"0\" marginheight=\"0\" scrolling=\"no\" class=\"wp-embedded-content\"><\/iframe><script type=\"text\/javascript\">\n\/* <![CDATA[ *\/\n\/*! This file is auto-generated *\/\n!function(d,l){\"use strict\";l.querySelector&&d.addEventListener&&\"undefined\"!=typeof URL&&(d.wp=d.wp||{},d.wp.receiveEmbedMessage||(d.wp.receiveEmbedMessage=function(e){var t=e.data;if((t||t.secret||t.message||t.value)&&!\/[^a-zA-Z0-9]\/.test(t.secret)){for(var s,r,n,a=l.querySelectorAll('iframe[data-secret=\"'+t.secret+'\"]'),o=l.querySelectorAll('blockquote[data-secret=\"'+t.secret+'\"]'),c=new RegExp(\"^https?:$\",\"i\"),i=0;i<o.length;i++)o[i].style.display=\"none\";for(i=0;i<a.length;i++)s=a[i],e.source===s.contentWindow&&(s.removeAttribute(\"style\"),\"height\"===t.message?(1e3<(r=parseInt(t.value,10))?r=1e3:~~r<200&&(r=200),s.height=r):\"link\"===t.message&&(r=new URL(s.getAttribute(\"src\")),n=new URL(t.value),c.test(n.protocol))&&n.host===r.host&&l.activeElement===s&&(d.top.location.href=t.value))}},d.addEventListener(\"message\",d.wp.receiveEmbedMessage,!1),l.addEventListener(\"DOMContentLoaded\",function(){for(var e,t,s=l.querySelectorAll(\"iframe.wp-embedded-content\"),r=0;r<s.length;r++)(t=(e=s[r]).getAttribute(\"data-secret\"))||(t=Math.random().toString(36).substring(2,12),e.src+=\"#?secret=\"+t,e.setAttribute(\"data-secret\",t)),e.contentWindow.postMessage({message:\"ready\",secret:t},\"*\")},!1)))}(window,document);\n\/\/# sourceURL=https:\/\/www.farmtocafeteriacanada.ca\/wp-includes\/js\/wp-embed.min.js\n\/* ]]> *\/\n<\/script>\n","thumbnail_url":"https:\/\/www.farmtocafeteriacanada.ca\/wp-content\/uploads\/2016\/10\/f2sm_ab2.png","thumbnail_width":1013,"thumbnail_height":568,"description":"La CBC diffuse un reportage sur une cour d\u2019\u00e9cole comestible \u00e0 Calgary Ils pr\u00e9parent leur soupe \u00e0 partir des l\u00e9gumes qu\u2019ils ont eux-m\u00eames cultiv\u00e9s.\u00a0Une \u00e9quipe de la CBC s\u2019est rendue \u00e0 l\u2019\u00e9cole Altadore, \u00e0 Calgary, durant le Mois De la ferme \u00e0 l\u2019\u00e9cole pour filmer la toute premi\u00e8re cour d\u2019\u00e9cole comestible de grande envergure dans [&hellip;]"}