
{"version":"1.0","provider_name":"Farm to Cafeteria Canada","provider_url":"https:\/\/www.farmtocafeteriacanada.ca\/fr\/","author_name":"F2CC admin","author_url":"https:\/\/www.farmtocafeteriacanada.ca\/fr\/author\/tracey\/","title":"Le jardin entrepreneurial P\u00e9dagomax - Farm to Cafeteria Canada","type":"rich","width":600,"height":338,"html":"<blockquote class=\"wp-embedded-content\" data-secret=\"JWuky9aCob\"><a href=\"https:\/\/www.farmtocafeteriacanada.ca\/fr\/2015\/05\/le-jardin-entrepreneurial-pedagomax\/\">Le jardin entrepreneurial P\u00e9dagomax<\/a><\/blockquote><iframe sandbox=\"allow-scripts\" security=\"restricted\" src=\"https:\/\/www.farmtocafeteriacanada.ca\/fr\/2015\/05\/le-jardin-entrepreneurial-pedagomax\/embed\/#?secret=JWuky9aCob\" width=\"600\" height=\"338\" title=\"\u00ab\u00a0Le jardin entrepreneurial P\u00e9dagomax\u00a0\u00bb &#8212; Farm to Cafeteria Canada\" data-secret=\"JWuky9aCob\" frameborder=\"0\" marginwidth=\"0\" marginheight=\"0\" scrolling=\"no\" class=\"wp-embedded-content\"><\/iframe><script type=\"text\/javascript\">\n\/* <![CDATA[ *\/\n\/*! This file is auto-generated *\/\n!function(d,l){\"use strict\";l.querySelector&&d.addEventListener&&\"undefined\"!=typeof URL&&(d.wp=d.wp||{},d.wp.receiveEmbedMessage||(d.wp.receiveEmbedMessage=function(e){var t=e.data;if((t||t.secret||t.message||t.value)&&!\/[^a-zA-Z0-9]\/.test(t.secret)){for(var s,r,n,a=l.querySelectorAll('iframe[data-secret=\"'+t.secret+'\"]'),o=l.querySelectorAll('blockquote[data-secret=\"'+t.secret+'\"]'),c=new RegExp(\"^https?:$\",\"i\"),i=0;i<o.length;i++)o[i].style.display=\"none\";for(i=0;i<a.length;i++)s=a[i],e.source===s.contentWindow&&(s.removeAttribute(\"style\"),\"height\"===t.message?(1e3<(r=parseInt(t.value,10))?r=1e3:~~r<200&&(r=200),s.height=r):\"link\"===t.message&&(r=new URL(s.getAttribute(\"src\")),n=new URL(t.value),c.test(n.protocol))&&n.host===r.host&&l.activeElement===s&&(d.top.location.href=t.value))}},d.addEventListener(\"message\",d.wp.receiveEmbedMessage,!1),l.addEventListener(\"DOMContentLoaded\",function(){for(var e,t,s=l.querySelectorAll(\"iframe.wp-embedded-content\"),r=0;r<s.length;r++)(t=(e=s[r]).getAttribute(\"data-secret\"))||(t=Math.random().toString(36).substring(2,12),e.src+=\"#?secret=\"+t,e.setAttribute(\"data-secret\",t)),e.contentWindow.postMessage({message:\"ready\",secret:t},\"*\")},!1)))}(window,document);\n\/\/# sourceURL=https:\/\/www.farmtocafeteriacanada.ca\/wp-includes\/js\/wp-embed.min.js\n\/* ]]> *\/\n<\/script>\n","thumbnail_url":"https:\/\/www.farmtocafeteriacanada.ca\/wp-content\/uploads\/2015\/05\/le_jardin_entrepreneurial.jpg","thumbnail_width":640,"thumbnail_height":234,"description":"Nous, les \u00e9l\u00e8ves de la classe\u00a06B de l\u2019\u00e9cole M.F.B. de Shediac, faisons un projet entrepreneurial pour la cour ext\u00e9rieure de l\u2019\u00e9cole. Au d\u00e9but octobre, Monsieur Mathieu nous proposa l\u2019id\u00e9e de construire un jardin. De cette id\u00e9e, nous avons eu une id\u00e9e encore plus grande. Nous avons d\u00e9cid\u00e9 d\u2019en faire un jardin p\u00e9dagogique. Celui-ci prendra forme [&hellip;]"}